{"id":3776,"date":"2015-11-29T20:05:07","date_gmt":"2015-11-29T18:05:07","guid":{"rendered":"http:\/\/www.overcom-tr.com\/?page_id=3776"},"modified":"2021-06-11T14:17:01","modified_gmt":"2021-06-11T11:17:01","slug":"yazilim-cozumleri","status":"publish","type":"page","link":"http:\/\/www.metsangroup.com\/?page_id=3776","title":{"rendered":"Kurumsal"},"content":{"rendered":"<div  style='padding-bottom:10px; ' class='av-special-heading av-special-heading-h5    avia-builder-el-0  el_before_av_one_full  avia-builder-el-first  '><h5 class='av-special-heading-tag '  itemprop=\"headline\"  >Metsan Group\u2019 a Ho\u015fgeldiniz<\/h5><div class='special-heading-border'><div class='special-heading-inner-border' ><\/div><\/div><\/div>\n<div class=\"flex_column av_one_full  av-animated-generic bottom-to-top  flex_column_div av-zero-column-padding first  avia-builder-el-1  el_after_av_heading  el_before_av_one_full  \" style='margin-top:0px; margin-bottom:0px; border-radius:0px; '><section class=\"av_textblock_section \"  itemscope=\"itemscope\" itemtype=\"https:\/\/schema.org\/CreativeWork\" ><div class='avia_textblock  '   itemprop=\"text\" ><p style=\"text-align: justify;\"><strong><img loading=\"lazy\" decoding=\"async\" class=\"size-medium wp-image-5568 alignleft\" src=\"http:\/\/www.metsangroup.com\/wp-content\/uploads\/2021\/06\/METSAN-GROUP-300x93.png\" alt=\"\" width=\"300\" height=\"93\" srcset=\"http:\/\/www.metsangroup.com\/wp-content\/uploads\/2021\/06\/METSAN-GROUP-300x93.png 300w, http:\/\/www.metsangroup.com\/wp-content\/uploads\/2021\/06\/METSAN-GROUP-1030x319.png 1030w, http:\/\/www.metsangroup.com\/wp-content\/uploads\/2021\/06\/METSAN-GROUP-768x238.png 768w, http:\/\/www.metsangroup.com\/wp-content\/uploads\/2021\/06\/METSAN-GROUP-1536x475.png 1536w, http:\/\/www.metsangroup.com\/wp-content\/uploads\/2021\/06\/METSAN-GROUP-1500x464.png 1500w, http:\/\/www.metsangroup.com\/wp-content\/uploads\/2021\/06\/METSAN-GROUP-705x218.png 705w, http:\/\/www.metsangroup.com\/wp-content\/uploads\/2021\/06\/METSAN-GROUP.png 1565w\" sizes=\"auto, (max-width: 300px) 100vw, 300px\" \/>Metsan Group D\u0131\u015f Tic.Ltd.\u015eti.<\/strong> 1990 y\u0131l\u0131nda Metsan Silobas Ltd.\u015eti. nin kuru malzeme ta\u015f\u0131ma silobaslar\u0131n\u0131n \u00fcretimi ile ba\u015flayan, zamanla ta\u015f\u0131nabilir bas\u0131n\u00e7l\u0131 ekipmanlar, akaryak\u0131t tankerleri, lowbed \/ flatbed imalat\u0131 ve LPG ve asit tanklar\u0131 imalat\u0131 ve LIN LOX LAR CO2 Kriyojenik Tanklar\u0131n\u0131n imalat\u0131 ihracat\u0131 yedek par\u00e7a temini ve montaj i\u015fleri ile s\u00fcrekli kendini geli\u015ftiren ekibiyle g\u00fcn\u00fcm\u00fczde proje, imalat ve ihracat faaliyetleri ile; \u00fcretim, lojistik, \u00e7evre teknolojileri ve medikal sekt\u00f6rlerinde yerini alm\u0131\u015ft\u0131r. Marka geli\u015fimini tamamlamak \u00fczere\u00a0 onlarca patent \/ faydal\u0131 model ve kurumsal belgelendirme faaliyetlerini tesis ederek kurumsal yap\u0131s\u0131n\u0131 gelece\u011fin sekt\u00f6rleri olan enerji, end\u00fcstri, lojistik, \u00e7evre teknolojileri ve ihracat alanlar\u0131 \u00fczerine odaklam\u0131\u015ft\u0131r.<\/p>\n<p style=\"text-align: justify;\">Firmam\u0131z; gelece\u011fin ekonomi ve ya\u015fam standard\u0131n\u0131 belirleyecek olan \u00e7evre ve enerji kaynaklar\u0131n\u0131n verimli kullan\u0131lmas\u0131 i\u00e7in s\u00fcrekli geli\u015fen teknoloji ve ak\u0131l g\u00fcc\u00fcn\u00fcn k\u0131lavuzlu\u011funda tasarruf ve verim gibi kavramlar\u0131n h\u0131zla \u00f6nem kazanmas\u0131yla, alan\u0131nda \u00f6rnek niteli\u011finde projeler yaparak yar\u0131n\u0131n T\u00fcrkiye&#8217;sinin ekonomik ve siyas\u0131 g\u00fcc\u00fcne katk\u0131da bulunmay\u0131 hedef edinmi\u015f bir ekip taraf\u0131ndan y\u00f6netilmektedir.<\/p>\n<p style=\"text-align: justify;\"><strong>Metsan Group <\/strong>olarak; kalite bilincine ve insan sa\u011fl\u0131\u011f\u0131na \u00f6ncelik vererek \u00e7\u0131kt\u0131\u011f\u0131m\u0131z bu yolda, \u00f6ncelikle insan ve ailenin gelece\u011finin temini, huzurla ya\u015fanabilecek bir gelece\u011fin miras\u0131 ve arkas\u0131nda uygulanabilir bir teknik, \u00f6l\u00e7\u00fclebilir bir kalite ve ula\u015f\u0131labilir hedefler b\u0131rakmay\u0131 arzulayan firmam\u0131z; global \u00f6l\u00e7ekte projelere i\u015ftirak etmek, uygulamak ve proje ortakl\u0131\u011f\u0131 yapmak \u00fczere yola \u00e7\u0131km\u0131\u015ft\u0131r.<\/p>\n<p style=\"text-align: justify;\"><b>Metsangroup <\/b>markas\u0131 T\u00fcrk Patent ve Marka Ofisi (TPO) \u00a0marka ve tescil ofisine kay\u0131tl\u0131d\u0131r. B\u00f6ylece <strong>Metsangroup <\/strong>markas\u0131 her alanda yasal korumalar alt\u0131nda \u00e7al\u0131\u015fmalar\u0131n\u0131 s\u00fcrd\u00fcrmektedir. Bu korumayla beraber, <b>Mesangroup <\/b>markas\u0131n\u0131n yan\u0131nda, \u00f6n\u00fcnde ve sonunda herhangi bir isim, sekt\u00f6rel faaliyet yada siyasi ama\u00e7lar belirten ifadeler kullan\u0131lamaz. <strong>Metsangroup <\/strong>m\u00fc\u015fterileri i\u00e7in markam\u0131z her zaman de\u011fer katmaya ve g\u00fcven vermeye devam edecektir.<\/p>\n<\/div><\/section><\/div><div class=\"flex_column av_one_full  av-animated-generic bottom-to-top  flex_column_div av-zero-column-padding first  avia-builder-el-3  el_after_av_one_full  el_before_av_one_full  column-top-margin\" style='border-radius:0px; '><div   class=\"togglecontainer   toggle_close_all  avia-builder-el-4  avia-builder-el-no-sibling \" >\n<section class=\"av_toggle_section\"  itemscope=\"itemscope\" itemtype=\"https:\/\/schema.org\/CreativeWork\"  >    <div role=\"tablist\" class=\"single_toggle\" data-tags=\"{T\u00fcm\u00fc} \"  >        <p data-fake-id=\"#toggle-id-1\" class=\"toggler activeTitle\"  itemprop=\"headline\"    role=\"tab\" tabindex=\"0\" aria-controls=\"toggle-id-1\">Kurumsal De\u011ferleme<span class=\"toggle_icon\" >        <span class=\"vert_icon\"><\/span><span class=\"hor_icon\"><\/span><\/span><\/p>        <div id=\"toggle-id-1\" class=\"toggle_wrap active_tc\"  style='display:block;' >            <div class=\"toggle_content invers-color \"  itemprop=\"text\"   ><p style=\"text-align: justify;\"><strong>* Kurumsal Kimlik Nedir?<\/strong><br \/>\nKurumsal kimlik, bir firman\u0131n hat\u0131rlanabilir karakteristik \u00f6zelliklerinin ve onu di\u011ferlerinden ay\u0131ran yeteneklerinin belirlenmesi, yans\u0131t\u0131lmas\u0131 ve firman\u0131n somut ki\u015fili\u011finin ortaya konulmas\u0131d\u0131r. Bu anlamda, \u201cKurumsal Kimlik\u201d kavram\u0131, firman\u0131n farkl\u0131l\u0131\u011f\u0131n\u0131, hat\u0131rlanabilirli\u011fini ve imaj\u0131n\u0131 kapsamaktad\u0131r.<\/p>\n<p style=\"text-align: justify;\"><strong>* Kurumsal Kimlikte Dikkat Edilecek Noktalar Nelerdir?<\/strong><br \/>\nBir firman\u0131n ismi, amblemi, sat\u0131\u015f ya da hizmet noktalar\u0131nda, ara\u00e7lar\u0131nda, (g\u00f6rsel kimlik) ve t\u00fcm tan\u0131t\u0131m \u00e7al\u0131\u015fmalar\u0131nda kullan\u0131lan bi\u00e7im, renk, \u015fekil, dizayn ve stil b\u00fct\u00fcnl\u00fc\u011f\u00fc, kimli\u011fin di\u011fer dokular\u0131 (i\u015fletme kimli\u011fi) ile b\u00fct\u00fcnle\u015ftirilmelidir. Toplumda b\u0131rakt\u0131\u011f\u0131 alg\u0131, yap\u0131lan i\u015fi en iyi \u015fekilde temsil edebildi\u011fi oranda ba\u015far\u0131l\u0131 olmaktad\u0131r.<\/p>\n            <\/div>        <\/div>    <\/div><\/section>\n<section class=\"av_toggle_section\"  itemscope=\"itemscope\" itemtype=\"https:\/\/schema.org\/CreativeWork\"  >    <div role=\"tablist\" class=\"single_toggle\" data-tags=\"{T\u00fcm\u00fc} \"  >        <p data-fake-id=\"#toggle-id-2\" class=\"toggler \"  itemprop=\"headline\"    role=\"tab\" tabindex=\"0\" aria-controls=\"toggle-id-2\">Logo Kullan\u0131m\u0131<span class=\"toggle_icon\" >        <span class=\"vert_icon\"><\/span><span class=\"hor_icon\"><\/span><\/span><\/p>        <div id=\"toggle-id-2\" class=\"toggle_wrap \"   >            <div class=\"toggle_content invers-color \"  itemprop=\"text\"   ><p>Logomuzun do\u011fru kullan\u0131lmas\u0131 i\u00e7in gerekli esaslar a\u015fa\u011f\u0131da detayl\u0131 bir \u015fekilde tan\u0131mlanm\u0131\u015ft\u0131r.<\/p>\n<p><img loading=\"lazy\" decoding=\"async\" class=\"alignnone size-full wp-image-4684\" src=\"http:\/\/www.overcom-tr.com\/wp-content\/uploads\/2015\/11\/renkler-495x113.png\" alt=\"\" width=\"495\" height=\"113\" \/><\/p>\n<p><img loading=\"lazy\" decoding=\"async\" class=\"alignnone size-medium wp-image-4588\" src=\"http:\/\/www.overcom-tr.com\/wp-content\/uploads\/2016\/12\/\u015eeffaf-yeni-logo2-300x72.png\" alt=\"\" width=\"300\" height=\"72\" \/><\/p>\n            <\/div>        <\/div>    <\/div><\/section>\n<section class=\"av_toggle_section\"  itemscope=\"itemscope\" itemtype=\"https:\/\/schema.org\/CreativeWork\"  >    <div role=\"tablist\" class=\"single_toggle\" data-tags=\"{T\u00fcm\u00fc} \"  >        <p data-fake-id=\"#toggle-id-3\" class=\"toggler \"  itemprop=\"headline\"    role=\"tab\" tabindex=\"0\" aria-controls=\"toggle-id-3\">Gizlilik Politikas\u0131<span class=\"toggle_icon\" >        <span class=\"vert_icon\"><\/span><span class=\"hor_icon\"><\/span><\/span><\/p>        <div id=\"toggle-id-3\" class=\"toggle_wrap \"   >            <div class=\"toggle_content invers-color \"  itemprop=\"text\"   ><ol>\n<li>Overcom Enerji ve \u00c7evre Teknolojileri Bili\u015fim A.\u015e. \u2018nin yaz\u0131l\u0131 izni olmadan logo, tescil, kurumsal d\u00f6k\u00fcman ya da reklam amac\u0131 ta\u015f\u0131yan ve fikri haklar\u0131 bar\u0131nd\u0131ran de\u011ferler hi\u00e7bir \u015fekilde kullan\u0131lamaz.<\/li>\n<li>Ki\u015fisel bilgiler; ad soyad, do\u011fum tarihi, ev adresi, mobil ve sabit telefon numaras\u0131, e-posta adresi gibi kullan\u0131c\u0131y\u0131 do\u011frudan ya da dolayl\u0131 olarak tan\u0131mlamaya y\u00f6nelik her t\u00fcrl\u00fc ki\u015fisel bilgiyi i\u00e7ermekte olup, k\u0131saca \u201cGizli Bilgiler\u201d olarak an\u0131lacakt\u0131r.<\/li>\n<li>Her Kullan\u0131c\u0131, i\u015fbu Web sitesini ziyaret ederek, i\u015fbu Gizlilik Politikas\u0131 h\u00fck\u00fcmlerini kabul etmi\u015f say\u0131lacakt\u0131r.<\/li>\n<li>Size \u00f6zel bilgilerinizi vermeniz durumunda, bu bilgiler, sizin haberiniz veya onay\u0131n\u0131z olmadan ya da yasal y\u00fck\u00fcml\u00fcl\u00fck alt\u0131nda bulunmad\u0131\u011f\u0131 s\u00fcrece \u00fc\u00e7\u00fcnc\u00fc bir \u015fah\u0131s veya firma ile payla\u015f\u0131lmayacakt\u0131r. Bu bilgiler, en y\u00fcksek g\u00fcvenlik ve gizlilik standartlar\u0131m\u0131zla korunacakt\u0131r.<\/li>\n<li>Sitemizin kullan\u0131m\u0131 s\u0131ras\u0131nda olu\u015fabilecek herhangi bir hata, kesinti, bilgi naklinde gecikme, bilgisayar vir\u00fcs\u00fc, hat ve\/veya sistem ar\u0131zas\u0131 sonucunda ortaya \u00e7\u0131kabilecek do\u011frudan veya dolayl\u0131 zarar ve masraflardan Overcom\u00a0sorumlu de\u011fildir.<\/li>\n<\/ol>\n            <\/div>        <\/div>    <\/div><\/section>\n<\/div><\/div><\/p>\n<div class=\"flex_column av_one_full  av-animated-generic bottom-to-top  flex_column_div first  avia-builder-el-5  el_after_av_one_full  el_before_av_hr  column-top-margin\" style='border-width:1px; border-color:#e1e1e1; border-style:solid; padding:20px; background-color:#fcfcfc; border-radius:0px; '><section class=\"av_textblock_section \"  itemscope=\"itemscope\" itemtype=\"https:\/\/schema.org\/CreativeWork\" ><div class='avia_textblock  '   itemprop=\"text\" ><p><strong>\u0130zinsiz Marka Kullan\u0131m\u0131 Hakk\u0131nda<\/strong><\/p>\n<p>T\u00fcrk Marka sistemine g\u00f6re tescilli markay\u0131 izinsiz kullananlar hakk\u0131nda marka sahibi baz\u0131 kanuni i\u015flemler yap\u0131lmas\u0131 i\u00e7in, Cumhuriyet Savc\u0131l\u0131\u011f\u0131\u2019na \u015fikayette bulunarak,<\/p>\n<p><strong>1-)<\/strong> 1-4 y\u0131l aras\u0131nda hapis cezas\u0131 verilmesini.<br \/>\n<strong>2-)<\/strong> 300 milyon lira ile 1 milyar lira aras\u0131nda para cezas\u0131 verilmesini.<br \/>\n<strong>3-)<\/strong> 1 y\u0131ldan az olmak \u00fczere i\u015fyerinin kapat\u0131lmas\u0131 ve ayni s\u00fcre ile ticaretten men edilmesini.<br \/>\n<strong>4-)<\/strong> \u00dcretim ara\u00e7lar\u0131na ve mallar\u0131na el koyulmas\u0131n\u0131.<\/p>\n<p>Verilen mahkeme kararlar\u0131 gerekti\u011finde bas\u0131n yolu ile kamuoyuna duyurulur, maliyeti markay\u0131 izinsiz kullanan ki\u015filere aittir. Tescilli marka sahibi dilerse, markas\u0131n\u0131 izinsiz kullanan kisiler hakk\u0131nda; markas\u0131n\u0131n itibarinin zedelenmesinden do\u011fan zarar\u0131n ve u\u011frad\u0131\u011f\u0131 kar kayb\u0131n\u0131n ve di\u011fer maddi zararlar\u0131n\u0131n giderilmesi i\u00e7in tazminat davas\u0131 a\u00e7abilir.<\/p>\n<\/div><\/section><\/div>\n<div   class='hr hr-default   avia-builder-el-7  el_after_av_one_full  avia-builder-el-last '><span class='hr-inner ' ><span class='hr-inner-style'><\/span><\/span><\/div>\n","protected":false},"excerpt":{"rendered":"","protected":false},"author":1,"featured_media":0,"parent":0,"menu_order":3,"comment_status":"closed","ping_status":"closed","template":"","meta":{"footnotes":""},"class_list":["post-3776","page","type-page","status-publish","hentry"],"_links":{"self":[{"href":"http:\/\/www.metsangroup.com\/index.php?rest_route=\/wp\/v2\/pages\/3776","targetHints":{"allow":["GET"]}}],"collection":[{"href":"http:\/\/www.metsangroup.com\/index.php?rest_route=\/wp\/v2\/pages"}],"about":[{"href":"http:\/\/www.metsangroup.com\/index.php?rest_route=\/wp\/v2\/types\/page"}],"author":[{"embeddable":true,"href":"http:\/\/www.metsangroup.com\/index.php?rest_route=\/wp\/v2\/users\/1"}],"replies":[{"embeddable":true,"href":"http:\/\/www.metsangroup.com\/index.php?rest_route=%2Fwp%2Fv2%2Fcomments&post=3776"}],"version-history":[{"count":1,"href":"http:\/\/www.metsangroup.com\/index.php?rest_route=\/wp\/v2\/pages\/3776\/revisions"}],"predecessor-version":[{"id":5580,"href":"http:\/\/www.metsangroup.com\/index.php?rest_route=\/wp\/v2\/pages\/3776\/revisions\/5580"}],"wp:attachment":[{"href":"http:\/\/www.metsangroup.com\/index.php?rest_route=%2Fwp%2Fv2%2Fmedia&parent=3776"}],"curies":[{"name":"wp","href":"https:\/\/api.w.org\/{rel}","templated":true}]}}